{"id":19924,"date":"2026-05-14T11:03:10","date_gmt":"2026-05-14T09:03:10","guid":{"rendered":"https:\/\/www.freetourtoledo.com.es\/ruta\/toledo-esencial\/"},"modified":"2026-07-22T08:31:55","modified_gmt":"2026-07-22T06:31:55","slug":"tolede-essentielle","status":"publish","type":"avada_portfolio","link":"https:\/\/www.toledodelamano.com\/fr\/ruta\/tolede-essentielle\/","title":{"rendered":"Tol\u00e8de Essentielle"},"content":{"rendered":"<h2>Monuments \u00e0 visiter :<\/h2>\n<ul>\n<li>La\u00a0<strong>Cath\u00e9drale Primatiale<\/strong>\u00a0d\u2019Espagne. La plus riche et importante du pays.<\/li>\n<li>L\u2019\u00e9glise de Santo Tom\u00e9, o\u00f9 se trouve le chef-d\u2019\u0153uvre du Greco\u00a0:\u00a0<strong>\u00ab\u00a0L\u2019enterrement du Seigneur d\u2019Orgaz\u00a0\u00bb<\/strong>.<\/li>\n<li>La\u00a0<strong>Synagogue de Santa Mar\u00eda la Blanca<\/strong>, un des deux temples juda\u00efques qui ont surv\u00e9cu jusqu\u2019\u00e0 nos jours.<\/li>\n<li>Le\u00a0<strong>Monast\u00e8re de San Juan de los Reyes<\/strong>, ordonn\u00e9 par les Rois Catholiques pour \u00eatre son panth\u00e9on fun\u00e9raire et qui est consid\u00e9r\u00e9 comme le sommet du style hispano-flamand.<\/li>\n<\/ul>\n<p><strong>Dur\u00e9e:<\/strong>\u00a0La dur\u00e9e de la visite sera d\u2019une demie journ\u00e9e (3 heures \u2013 3 heures et demie).<\/p>\n<p><strong>Tour panoramique:<\/strong>\u00a0Un tour panoramique de la ville pour jouir des exceptionnelles vues sur Tol\u00e8de d\u00e8s l\u2019autre cot\u00e9 du fleuve, ainsi qu\u2019une introduction \u00e0 son histoire et sa culture sont inclus dans la visite pour les groupes qui arrivent en autobus. Dans le cas des clients individuels qui arrivent en AVE (TGV espagnol), il y a la possibilit\u00e9 de faire le tour en taxi (20 euros aprox.).<\/p>\n<p><strong>Monuments:<\/strong>\u00a0Tous les monuments inclus dans la visite seront parfaitement expliqu\u00e9s par le guide \u00e0 l\u2019ext\u00e9rieur et \u00e0 l\u2019int\u00e9rieur.<\/p>\n<p><strong>Contenu:<\/strong>\u00a0M\u00eame s\u2019il y a toujours un fil conducteur dans la visite (les Trois Cultures, Le Greco, le monde juif, \u2026) le guide fera allusion aux aspects qui caract\u00e9risent ou ont caract\u00e9ris\u00e9 Tol\u00e8de: artisanat, \u00e9volution de la cit\u00e9 \u00e0 travers l\u2019histoire, h\u00e9ritage culturel, etc.<\/p>\n","protected":false},"excerpt":{"rendered":"<p>Si vous visitez la ville pour la premi\u00e8re fois, je vous propose un parcours pour d\u00e9couvrir les monuments les plus embl\u00e9matiques, avec lesquels vous auriez une image compl\u00e8te de la cit\u00e9, Patrimoine de la Humanit\u00e9 d\u00e8s 1986.<\/p>\n","protected":false},"author":10,"featured_media":19926,"menu_order":22,"comment_status":"closed","ping_status":"closed","template":"","format":"standard","meta":{"footnotes":""},"portfolio_category":[112],"portfolio_skills":[],"portfolio_tags":[],"class_list":["post-19924","avada_portfolio","type-avada_portfolio","status-publish","format-standard","has-post-thumbnail","hentry","portfolio_category-itineraires"],"_links":{"self":[{"href":"https:\/\/www.toledodelamano.com\/fr\/wp-json\/wp\/v2\/avada_portfolio\/19924","targetHints":{"allow":["GET"]}}],"collection":[{"href":"https:\/\/www.toledodelamano.com\/fr\/wp-json\/wp\/v2\/avada_portfolio"}],"about":[{"href":"https:\/\/www.toledodelamano.com\/fr\/wp-json\/wp\/v2\/types\/avada_portfolio"}],"author":[{"embeddable":true,"href":"https:\/\/www.toledodelamano.com\/fr\/wp-json\/wp\/v2\/users\/10"}],"replies":[{"embeddable":true,"href":"https:\/\/www.toledodelamano.com\/fr\/wp-json\/wp\/v2\/comments?post=19924"}],"version-history":[{"count":2,"href":"https:\/\/www.toledodelamano.com\/fr\/wp-json\/wp\/v2\/avada_portfolio\/19924\/revisions"}],"predecessor-version":[{"id":19935,"href":"https:\/\/www.toledodelamano.com\/fr\/wp-json\/wp\/v2\/avada_portfolio\/19924\/revisions\/19935"}],"wp:featuredmedia":[{"embeddable":true,"href":"https:\/\/www.toledodelamano.com\/fr\/wp-json\/wp\/v2\/media\/19926"}],"wp:attachment":[{"href":"https:\/\/www.toledodelamano.com\/fr\/wp-json\/wp\/v2\/media?parent=19924"}],"wp:term":[{"taxonomy":"portfolio_category","embeddable":true,"href":"https:\/\/www.toledodelamano.com\/fr\/wp-json\/wp\/v2\/portfolio_category?post=19924"},{"taxonomy":"portfolio_skills","embeddable":true,"href":"https:\/\/www.toledodelamano.com\/fr\/wp-json\/wp\/v2\/portfolio_skills?post=19924"},{"taxonomy":"portfolio_tags","embeddable":true,"href":"https:\/\/www.toledodelamano.com\/fr\/wp-json\/wp\/v2\/portfolio_tags?post=19924"}],"curies":[{"name":"wp","href":"https:\/\/api.w.org\/{rel}","templated":true}]}}