{"id":19984,"date":"2026-05-14T11:03:10","date_gmt":"2026-05-14T09:03:10","guid":{"rendered":"https:\/\/www.freetourtoledo.com.es\/ruta\/el-greco-en-toledo\/"},"modified":"2026-07-22T08:51:53","modified_gmt":"2026-07-22T06:51:53","slug":"sur-les-traces-du-greco","status":"publish","type":"avada_portfolio","link":"https:\/\/www.toledodelamano.com\/fr\/ruta\/sur-les-traces-du-greco\/","title":{"rendered":"Sur les traces du Greco"},"content":{"rendered":"<p>Dans la ville du Tage le cr\u00e9tois d\u00e9veloppera sa peinture, qui peut \u00eatre suivi \u00e0 travers quelques monuments de la ville, tels que:<\/p>\n<ul>\n<li><strong>l\u2019H\u00f4pital de la Santa Cruz<\/strong>.<\/li>\n<li>La\u00a0<strong>Mus\u00e9e du Greco<\/strong>, avec une magnifique collection de tableaux de la derni\u00e8re partie de sa vie.<\/li>\n<li>L\u2019\u00c9glise de Santo Tom\u00e9, o\u00f9 se trouve son chef-d\u2019oeuvre,\u00a0<strong>\u00ab\u00a0L\u2019enterrement du Seigneur d\u2019Orgaz\u00a0\u00bb<\/strong>.<\/li>\n<li>Et le\u00a0<strong>Couvent de Santo Domingo el Antiguo<\/strong>.<\/li>\n<\/ul>\n<p><strong>Dur\u00e9e:<\/strong>\u00a0La dur\u00e9e de la visite sera d\u2019une demie journ\u00e9e (3 heures \u2013 3 heures et demie).<\/p>\n<p><strong>Tour panoramique:<\/strong>\u00a0Un tour panoramique de la ville pour jouir des exceptionnelles vues sur Tol\u00e8de d\u00e8s l\u2019autre cot\u00e9 du fleuve, ainsi qu\u2019une introduction \u00e0 son histoire et sa culture sont inclus dans la visite pour les groupes qui arrivent en autobus. Dans le cas des clients individuels qui arrivent en AVE (TGV espagnol), il y a la possibilit\u00e9 de faire le tour en taxi (20 euros aprox.).<\/p>\n<p><strong>Monuments:<\/strong>\u00a0Tous les monuments inclus dans la visite seront parfaitement expliqu\u00e9s par le guide \u00e0 l\u2019ext\u00e9rieur et \u00e0 l\u2019int\u00e9rieur.<\/p>\n<p><strong>Contenu:<\/strong>\u00a0M\u00eame s\u2019il y a toujours un fil conducteur dans la visite (les Trois Cultures, Le Greco, le monde juif, \u2026) le guide fera allusion aux aspects qui caract\u00e9risent ou ont caract\u00e9ris\u00e9 Tol\u00e8de: artisanat, \u00e9volution de la cit\u00e9 \u00e0 travers l\u2019histoire, h\u00e9ritage culturel, etc.<\/p>\n","protected":false},"excerpt":{"rendered":"<p>Apr\u00e8s s\u2019avoir form\u00e9 comme peintre dans sa Cr\u00eate natal et avoir pass\u00e9 quelques ann\u00e9es \u00e0 Venice et \u00e0 Rome, en 1577 arrive \u00e0 Tol\u00e8de un des plus c\u00e9l\u00e8bres peintres de l\u2019Histoire de l\u2019Art.<\/p>\n","protected":false},"author":10,"featured_media":19991,"menu_order":42,"comment_status":"closed","ping_status":"closed","template":"","format":"standard","meta":{"footnotes":""},"portfolio_category":[112],"portfolio_skills":[],"portfolio_tags":[],"class_list":["post-19984","avada_portfolio","type-avada_portfolio","status-publish","format-standard","has-post-thumbnail","hentry","portfolio_category-itineraires"],"_links":{"self":[{"href":"https:\/\/www.toledodelamano.com\/fr\/wp-json\/wp\/v2\/avada_portfolio\/19984","targetHints":{"allow":["GET"]}}],"collection":[{"href":"https:\/\/www.toledodelamano.com\/fr\/wp-json\/wp\/v2\/avada_portfolio"}],"about":[{"href":"https:\/\/www.toledodelamano.com\/fr\/wp-json\/wp\/v2\/types\/avada_portfolio"}],"author":[{"embeddable":true,"href":"https:\/\/www.toledodelamano.com\/fr\/wp-json\/wp\/v2\/users\/10"}],"replies":[{"embeddable":true,"href":"https:\/\/www.toledodelamano.com\/fr\/wp-json\/wp\/v2\/comments?post=19984"}],"version-history":[{"count":1,"href":"https:\/\/www.toledodelamano.com\/fr\/wp-json\/wp\/v2\/avada_portfolio\/19984\/revisions"}],"predecessor-version":[{"id":19993,"href":"https:\/\/www.toledodelamano.com\/fr\/wp-json\/wp\/v2\/avada_portfolio\/19984\/revisions\/19993"}],"wp:featuredmedia":[{"embeddable":true,"href":"https:\/\/www.toledodelamano.com\/fr\/wp-json\/wp\/v2\/media\/19991"}],"wp:attachment":[{"href":"https:\/\/www.toledodelamano.com\/fr\/wp-json\/wp\/v2\/media?parent=19984"}],"wp:term":[{"taxonomy":"portfolio_category","embeddable":true,"href":"https:\/\/www.toledodelamano.com\/fr\/wp-json\/wp\/v2\/portfolio_category?post=19984"},{"taxonomy":"portfolio_skills","embeddable":true,"href":"https:\/\/www.toledodelamano.com\/fr\/wp-json\/wp\/v2\/portfolio_skills?post=19984"},{"taxonomy":"portfolio_tags","embeddable":true,"href":"https:\/\/www.toledodelamano.com\/fr\/wp-json\/wp\/v2\/portfolio_tags?post=19984"}],"curies":[{"name":"wp","href":"https:\/\/api.w.org\/{rel}","templated":true}]}}