{"id":8529,"date":"2016-02-23T13:23:14","date_gmt":"2016-02-23T13:23:14","guid":{"rendered":"https:\/\/www.toledodelamano.com\/ruta\/tolede-essentielle\/"},"modified":"2025-07-22T06:52:26","modified_gmt":"2025-07-22T06:52:26","slug":"tolede-essentielle","status":"publish","type":"portfolio_page","link":"https:\/\/www.toledodelamano.com\/fr\/ruta\/tolede-essentielle\/","title":{"rendered":"Tol\u00e8de Essentielle"},"content":{"rendered":"<div class=\"wpb-content-wrapper\"><p class=\"normal\">[vc_row][vc_column width=\u00a0\u00bb1\/1&Prime;][vc_empty_space height=\u00a0\u00bb32px\u00a0\u00bb][\/vc_column][\/vc_row]<br \/>\n[vc_row row_type=\u00a0\u00bbrow\u00a0\u00bb type=\u00a0\u00bbgrid\u00a0\u00bb text_align=\u00a0\u00bbleft\u00a0\u00bb background_image_as_pattern=\u00a0\u00bbwithout_pattern\u00a0\u00bb][vc_column width=\u00a0\u00bb1\/2&Prime;][vc_single_image image=\u00a0\u00bb227&Prime; alignment=\u00a0\u00bbcenter\u00a0\u00bb border_color=\u00a0\u00bbgrey\u00a0\u00bb img_link_target=\u00a0\u00bb_self\u00a0\u00bb qode_css_animation=\u00a0\u00bbelement_from_left\u00a0\u00bb img_size=\u00a0\u00bblarge\u00a0\u00bb][\/vc_column][vc_column width=\u00a0\u00bb1\/2&Prime;][vc_column_text]Si vous visitez la ville pour la premi\u00e8re fois, je vous propose un parcours pour d\u00e9couvrir les monuments les plus embl\u00e9matiques, avec lesquels vous auriez une image compl\u00e8te de la cit\u00e9, Patrimoine de la Humanit\u00e9 d\u00e8s 1986:<\/p>\n<p>&nbsp;<\/p>\n<ul>\n<li>La <strong>Cath\u00e9drale Primatiale<\/strong> d\u2019Espagne. La plus riche et importante du pays.<\/li>\n<li>L\u2019\u00e9glise de Santo Tom\u00e9, o\u00f9 se trouve le chef-d\u2019\u0153uvre du Greco\u00a0: <strong>\u00ab\u00a0L\u2019enterrement du Seigneur d\u2019Orgaz\u00a0\u00bb<\/strong>.<\/li>\n<li>La <strong>Synagogue de Santa Mar\u00eda la Blanca<\/strong>, un des deux temples juda\u00efques qui ont surv\u00e9cu jusqu\u2019\u00e0 nos jours.<\/li>\n<li>Le <strong>Monast\u00e8re de San Juan de los Reyes<\/strong>, ordonn\u00e9 par les Rois Catholiques pour \u00eatre son panth\u00e9on fun\u00e9raire et qui est consid\u00e9r\u00e9 comme le sommet du style hispano-flamand.<\/li>\n<\/ul>\n<p>&nbsp;<\/p>\n<p><strong>Dur\u00e9e:<\/strong> La dur\u00e9e de la visite sera d&rsquo;une demie journ\u00e9e (3 heures &#8211; 3 heures et demie).<\/p>\n<p>&nbsp;<\/p>\n<p><strong>Tour panoramique:<\/strong> Un tour panoramique de la ville pour jouir des exceptionnelles vues sur Tol\u00e8de d\u00e8s l&rsquo;autre cot\u00e9 du fleuve, ainsi qu&rsquo;une introduction \u00e0 son histoire et sa culture sont inclus dans la visite pour les groupes qui arrivent en autobus. Dans le cas des clients individuels qui arrivent en AVE (TGV espagnol), il y a la possibilit\u00e9 de faire le tour en taxi (10 euros aprox.).<\/p>\n<p>&nbsp;<\/p>\n<p><strong>Monuments:<\/strong> Tous les monuments inclus dans la visite seront parfaitement expliqu\u00e9s par le guide \u00e0 l&rsquo;ext\u00e9rieur et \u00e0 l&rsquo;int\u00e9rieur.<\/p>\n<p>&nbsp;<\/p>\n<p><strong>Contenu:<\/strong> M\u00eame s&rsquo;il y a toujours un fil conducteur dans la visite (les Trois Cultures, Le Greco, le monde juif,&#8230;) le guide fera allusion aux aspects qui caract\u00e9risent ou ont caract\u00e9ris\u00e9 Tol\u00e8de: artisanat, \u00e9volution de la cit\u00e9 \u00e0 travers l&rsquo;histoire, h\u00e9ritage culturel, etc.[\/vc_column_text][\/vc_column][\/vc_row][vc_row][vc_column width=\u00a0\u00bb1\/1&Prime;][vc_empty_space height=\u00a0\u00bb32px\u00a0\u00bb]<div class=\"call_to_action normal\" style=\"\"><div class=\"container_inner\"><div class=\"two_columns_75_25 clearfix\"><div class=\"text_wrapper column1\"><div class=\"call_to_action_text \" style=\"\">\n<p>Pour plus d&rsquo;information<\/p>\n<\/div><\/div><div class=\"button_wrapper column2\"><a itemprop=\"url\" href=\"javascript: void(0)\" class=\"qbutton white \" target=\"\" style=\"\" >Contact<\/a><\/div><\/div><\/div><\/div>[\/vc_column][\/vc_row]<\/p>\n<\/div>","protected":false},"excerpt":{"rendered":"<p>[vc_row][vc_column width=\u00a0\u00bb1\/1&Prime;][vc_empty_space height=\u00a0\u00bb32px\u00a0\u00bb][\/vc_column][\/vc_row] [vc_row row_type=\u00a0\u00bbrow\u00a0\u00bb type=\u00a0\u00bbgrid\u00a0\u00bb text_align=\u00a0\u00bbleft\u00a0\u00bb background_image_as_pattern=\u00a0\u00bbwithout_pattern\u00a0\u00bb][vc_column width=\u00a0\u00bb1\/2&Prime;][vc_single_image image=\u00a0\u00bb227&Prime; alignment=\u00a0\u00bbcenter\u00a0\u00bb border_color=\u00a0\u00bbgrey\u00a0\u00bb img_link_target=\u00a0\u00bb_self\u00a0\u00bb qode_css_animation=\u00a0\u00bbelement_from_left\u00a0\u00bb img_size=\u00a0\u00bblarge\u00a0\u00bb][\/vc_column][vc_column width=\u00a0\u00bb1\/2&Prime;][vc_column_text]Si vous visitez la ville pour la premi\u00e8re fois, je vous propose un parcours pour d\u00e9couvrir les monuments les plus embl\u00e9matiques, avec lesquels vous auriez une image compl\u00e8te de la&#8230;<\/p>\n","protected":false},"author":1,"featured_media":8237,"menu_order":0,"comment_status":"closed","ping_status":"closed","template":"","portfolio_category":[63],"portfolio_tag":[],"class_list":["post-8529","portfolio_page","type-portfolio_page","status-publish","has-post-thumbnail","hentry","portfolio_category-rutas"],"_links":{"self":[{"href":"https:\/\/www.toledodelamano.com\/fr\/wp-json\/wp\/v2\/portfolio_page\/8529","targetHints":{"allow":["GET"]}}],"collection":[{"href":"https:\/\/www.toledodelamano.com\/fr\/wp-json\/wp\/v2\/portfolio_page"}],"about":[{"href":"https:\/\/www.toledodelamano.com\/fr\/wp-json\/wp\/v2\/types\/portfolio_page"}],"author":[{"embeddable":true,"href":"https:\/\/www.toledodelamano.com\/fr\/wp-json\/wp\/v2\/users\/1"}],"replies":[{"embeddable":true,"href":"https:\/\/www.toledodelamano.com\/fr\/wp-json\/wp\/v2\/comments?post=8529"}],"wp:featuredmedia":[{"embeddable":true,"href":"https:\/\/www.toledodelamano.com\/fr\/wp-json\/wp\/v2\/media\/8237"}],"wp:attachment":[{"href":"https:\/\/www.toledodelamano.com\/fr\/wp-json\/wp\/v2\/media?parent=8529"}],"wp:term":[{"taxonomy":"portfolio_category","embeddable":true,"href":"https:\/\/www.toledodelamano.com\/fr\/wp-json\/wp\/v2\/portfolio_category?post=8529"},{"taxonomy":"portfolio_tag","embeddable":true,"href":"https:\/\/www.toledodelamano.com\/fr\/wp-json\/wp\/v2\/portfolio_tag?post=8529"}],"curies":[{"name":"wp","href":"https:\/\/api.w.org\/{rel}","templated":true}]}}